{"id":195,"date":"2024-04-05T12:06:44","date_gmt":"2024-04-05T12:06:44","guid":{"rendered":"https:\/\/wydawnictwo.asp.krakow.pl\/?page_id=195"},"modified":"2025-12-23T09:57:53","modified_gmt":"2025-12-23T09:57:53","slug":"do-pobrania","status":"publish","type":"page","link":"https:\/\/wydawnictwo.asp.krakow.pl\/index.php\/do-pobrania\/","title":{"rendered":"Publikacje do pobrania"},"content":{"rendered":"\n<p><br><br><\/p>\n\n\n\n<p><br><strong><em>Common Space<\/em><br>8. Mi\u0119dzynarodowe Biennale Architektury Wn\u0119trz. ASP w Krakowie<\/strong><\/p>\n\n\n\n<figure class=\"wp-block-image size-large\"><img loading=\"lazy\" decoding=\"async\" width=\"801\" height=\"1024\" src=\"https:\/\/wydawnictwo.asp.krakow.pl\/wp-content\/uploads\/2025\/12\/MonografiaIIDB-1-kopia-801x1024.jpg\" alt=\"\" class=\"wp-image-389\" srcset=\"https:\/\/wydawnictwo.asp.krakow.pl\/wp-content\/uploads\/2025\/12\/MonografiaIIDB-1-kopia-801x1024.jpg 801w, https:\/\/wydawnictwo.asp.krakow.pl\/wp-content\/uploads\/2025\/12\/MonografiaIIDB-1-kopia-235x300.jpg 235w, https:\/\/wydawnictwo.asp.krakow.pl\/wp-content\/uploads\/2025\/12\/MonografiaIIDB-1-kopia-768x982.jpg 768w, https:\/\/wydawnictwo.asp.krakow.pl\/wp-content\/uploads\/2025\/12\/MonografiaIIDB-1-kopia-1202x1536.jpg 1202w, https:\/\/wydawnictwo.asp.krakow.pl\/wp-content\/uploads\/2025\/12\/MonografiaIIDB-1-kopia-1602x2048.jpg 1602w, https:\/\/wydawnictwo.asp.krakow.pl\/wp-content\/uploads\/2025\/12\/MonografiaIIDB-1-kopia-1568x2004.jpg 1568w, https:\/\/wydawnictwo.asp.krakow.pl\/wp-content\/uploads\/2025\/12\/MonografiaIIDB-1-kopia-scaled.jpg 2003w\" sizes=\"auto, (max-width: 801px) 100vw, 801px\" \/><\/figure>\n\n\n\n<p>Dwuj\u0119zyczna monografia stanowi podsumowanie 8. Mi\u0119dzynarodowego Biennale Architektury Wn\u0119trz w Krakowie zorganizowanego w 2024 r. przez Wydzia\u0142 Architektury Wn\u0119trz ASP w Krakowie, kt\u00f3rego has\u0142em przewodnim by\u0142o <em>Common Space<\/em>.<\/p>\n\n\n\n<p>Publikacja zawiera obszern\u0105 dokumentacj\u0119 tekstow\u0105 i fotograficzn\u0105 wszystkich wydarze\u0144 zrealizowanych w ramach 8.MBAW, w tym opisy konkurs\u00f3w: Common Space \u2013 Realizacje | 2. edycja Konkursu dla Profesjonalist\u00f3w i Common Space \u2013 Spacescape \/ Spacexperience \/ Spacexperiment | 8. edycja Konkursu dla Student\u00f3w, wraz z prezentacj\u0105 nagrodzonych prac i projekt\u00f3w bior\u0105cych udzia\u0142 w wystawie. Przedstawione s\u0105 w niej r\u00f3wnie\u017c prace zrealizowane w ramach Common Space \u2013 Lab | 2. edycja Open Call na dzie\u0142o w przestrzeni oraz przybli\u017cone s\u0105 sylwetki ich autorek i autor\u00f3w. Publikacja obejmuje tak\u017ce artyku\u0142y autorstwa uczestnik\u00f3w Common Space \u2013 Forum | Mi\u0119dzynarodowej Konferencji Naukowej.<\/p>\n\n\n\n<p>\u201eMonografia stanowi\u0107 b\u0119dzie z pewno\u015bci\u0105 cenne \u017ar\u00f3d\u0142o informacji, rzetelnie uporz\u0105dkowanej i niezwykle warto\u015bciowej dla ca\u0142ego \u015brodowiska akademickiego, praktyk\u00f3w architektury oraz artyst\u00f3w, zainteresowanych wsp\u00f3\u0142czesnymi uj\u0119ciami projektowania przestrzeni. Dobrze si\u0119 sta\u0142o, \u017ce podj\u0119to wysi\u0142ek opracowania tej publikacji \u2013 ko\u0144cowy efekt jest naprawd\u0119 imponuj\u0105cy.\u201d (fragment recenzji prof. dr hab. Bogumi\u0142y Jung)<\/p>\n\n\n\n<p class=\"has-extra-small-font-size\">j\u0119zyk publikacji: polski, angielski<br>redakcja: Joanna \u0141api\u0144ska<br>autorzy: Agnieszka Mierzwa, Aleksandra Gajzler-Baranowska, Dominika Zawojska-Kuriata, Beata Ludwiczak, Natalia Hudzik, Aleksander Dynarek, Katarzyna Lewoc, Rafa\u0142 Szrajber, Maja Piechowiak<br>projekt graficzny: Joanna \u0141api\u0144ska<br>liczba stron: 270<br>ISBN: 978-83-67933-60-5<br>rok wydania: 2025<\/p>\n\n\n\n<p><a href=\"https:\/\/wydawnictwo.asp.krakow.pl\/wp-content\/uploads\/2025\/12\/MonografiaIIDB.pdf\">PDF DO POBRANIA<\/a><\/p>\n\n\n\n<p><strong><em>Feminatywy w Akademii. S\u0142owniczek<\/em><\/strong><\/p>\n\n\n\n\n\n<figure class=\"wp-block-image size-full\"><a href=\"https:\/\/wydawnictwo.asp.krakow.pl\/wp-content\/uploads\/2024\/04\/Feminatywy_w_Akademii_Slowniczek.pdf\"><img loading=\"lazy\" decoding=\"async\" width=\"712\" height=\"1010\" src=\"https:\/\/wydawnictwo.asp.krakow.pl\/wp-content\/uploads\/2024\/04\/feminatywy.jpg\" alt=\"\" class=\"wp-image-218\" srcset=\"https:\/\/wydawnictwo.asp.krakow.pl\/wp-content\/uploads\/2024\/04\/feminatywy.jpg 712w, https:\/\/wydawnictwo.asp.krakow.pl\/wp-content\/uploads\/2024\/04\/feminatywy-211x300.jpg 211w\" sizes=\"auto, (max-width: 712px) 100vw, 712px\" \/><\/a><\/figure>\n\n\n\n<p><em>Zmiany dokonane w&nbsp;2021 roku w&nbsp;statucie Akademii Sztuk Pi\u0119knych w&nbsp;Krakowie otworzy\u0142y mo\u017cliwo\u015b\u0107 wprowadzenia do&nbsp;przestrzeni akademickiej nazw \u017ce\u0144skich. Sytuacja ta&nbsp;poci\u0105gn\u0119\u0142a za&nbsp;sob\u0105 konie\u00adczno\u015b\u0107 stworzenia s\u0142owniczka, kt\u00f3ry&nbsp;sta\u0142by si\u0119 pomocny w&nbsp;praktyce.&nbsp;<\/em><br><em>Ksi\u0105\u017cka zawiera zbi\u00f3r feminatyw\u00f3w i&nbsp;ich definicji wybranych w&nbsp;wi\u0119kszo\u015bci ze&nbsp;S\u0142ownika nazw \u017ce\u0144skich polszczyzny, przygotowanego w&nbsp;2015 roku przez&nbsp;zesp\u00f3\u0142 wroc\u0142awskich lingwistek z&nbsp;Uniwersytetu Wroc\u0142awskiego,&nbsp;Zak\u0142adu Wsp\u00f3\u0142czesnego J\u0119zyka Polskiego, czyli Agnieszk\u0119 Ma\u0142och\u0119-Krup\u0119, Katarzyn\u0119 Ho\u0142ojd\u0119, Patrycj\u0119 Krysiak i&nbsp;Mart\u0119 \u015aleziak. Dodatkowo w&nbsp;publikacji mo\u017cna znale\u017a\u0107 nowe artyku\u0142y has\u0142owe, zebrane w&nbsp;drodze konsultacji, a&nbsp;tak\u017ce obserwacji tak&nbsp;dynamicznie zmieniaj\u0105cej si\u0119 rzeczywisto\u015bci nazewniczej, kt\u00f3ra&nbsp;obfituje w&nbsp;liczne innowacje j\u0119zykowe. Poni\u017cszy wyb\u00f3r feminatyw\u00f3w nie&nbsp;zawiera wszystkich wyst\u0119puj\u0105cych nazw \u017ce\u0144skich, stanowi jedynie przyk\u0142adow\u0105 prezentacj\u0119, sporz\u0105dzon\u0105 z&nbsp;my\u015bl\u0105 o&nbsp;uczelniach artystycznych. \u017bywi\u0119 nadziej\u0119, \u017ce&nbsp;tak&nbsp;powsta\u0142y s\u0142owniczek b\u0119dzie pomocny dla wszystkich os\u00f3b, kt\u00f3re pragn\u0105 w\u0142\u0105czy\u0107 si\u0119 w&nbsp;nurt komunikacji niewykluczaj\u0105cej, r\u00f3\u00adwno\u015bciowej poprzez stosowanie, a&nbsp;tak\u017ce tworzenie, nowych form \u017ce\u0144skich.&nbsp;<\/em><\/p>\n\n\n\n<p><em>W&nbsp;publikacji znalaz\u0142y si\u0119 tak\u017ce specjalnie przygotowane kola\u017ce, kt\u00f3re cz\u0119\u015bciowo powsta\u0142y podczas warsztat\u00f3w zainicjowanych przez&nbsp;\u0141ukasza Trzci\u0144skiego, a&nbsp;cz\u0119\u015bciowo \u2012 nades\u0142ane drog\u0105 elektroniczn\u0105. W&nbsp;sumie w&nbsp;projekt w\u0142\u0105czy\u0142o si\u0119 48 os\u00f3b, czyni\u0105c go&nbsp;partycypacyjnym.<\/em><\/p>\n\n\n\n<p>Publikacja, kt\u00f3ra zosta\u0142a udost\u0119pniona do pobrania w formie pdf, to drugie wydanie s\u0142owniczka. Pierwsze zosta\u0142o opublikowane w formie papierowej w edycji 500 szt. nak\u0142adem Lotnego Domu Wydawniczego w formie performatywnej w czerwcu 2022 roku w bramie Akademii Sztuk Pi\u0119knych im. Jana Matejki w Krakowie przy ul. Basztowej 18. Drugie wydanie zosta\u0142o poszerzone o dokumentacj\u0119 fotograficzn\u0105 wydarze\u0144 wok\u00f3\u0142 s\u0142owniczka. Wersja internetowa jest wersj\u0105 kolorow\u0105, podczas gdy papierowa zosta\u0142a wydrukowana w dw\u00f3ch kolorach: Black + Magenta.&nbsp;<\/p>\n\n\n\n<p class=\"has-text-align-right\">Iwona Demko<\/p>\n\n\n\n<p>Projekt zrealizowany przy wsp\u00f3\u0142pracy Akademii Sztuk Pi\u0119knych im.&nbsp;Jana Matejki i&nbsp;Domu Utopii Mi\u0119dzynarodowego Centrum Empatii w&nbsp;Krakowie.<\/p>\n\n\n\n<p class=\"has-extra-small-font-size\">j\u0119zyk publikacji: polski<br>redakcja: Iwona Demko, Katarzyna Ho\u0142ojda-Mikulska, Patrycja Krysiak, <br>Agnieszka Ma\u0142ocha, Marta \u015aleziak, \u0141ukasz Trzci\u0144ski <br>projekt graficzny: Iwona Demko,<br>liczba stron: 160<br>ISBN: 978-83-66766-20-4<br>rok wydania: 2024, wyd. 2 poszerzone<\/p>\n\n\n\n<p><a href=\"https:\/\/wydawnictwo.asp.krakow.pl\/wp-content\/uploads\/2024\/04\/Feminatywy_w_Akademii_Slowniczek.pdf\">PDF DO POBRANIA<\/a><\/p>\n\n\n\n<p><\/p>\n\n\n\n<figure class=\"wp-block-image size-full\"><a href=\"https:\/\/wydawnictwo.asp.krakow.pl\/wp-content\/uploads\/2023\/03\/Wzrasta%C4%87%20i%20butwie%C4%87_metamorfozy%20figury_Grzegorz%20Wn%C4%99k.pdf\"><img loading=\"lazy\" decoding=\"async\" width=\"782\" height=\"999\" src=\"https:\/\/wydawnictwo.asp.krakow.pl\/wp-content\/uploads\/2024\/04\/image.jpeg\" alt=\"This image has an empty alt attribute; its file name is wzrastacibutwiec.jpeg\" class=\"wp-image-198\" srcset=\"https:\/\/wydawnictwo.asp.krakow.pl\/wp-content\/uploads\/2024\/04\/image.jpeg 782w, https:\/\/wydawnictwo.asp.krakow.pl\/wp-content\/uploads\/2024\/04\/image-235x300.jpeg 235w, https:\/\/wydawnictwo.asp.krakow.pl\/wp-content\/uploads\/2024\/04\/image-768x981.jpeg 768w\" sizes=\"auto, (max-width: 782px) 100vw, 782px\" \/><\/a><\/figure>\n\n\n\n<p><em><strong>Wzrasta\u0107 i butwie\u0107<\/strong><\/em><\/p>\n\n\n\n<p>\u201eNiniejsza analiza nieoczywistej tw\u00f3rczo\u015bci Grzegorza Wn\u0119ka zosta\u0142a podzielona na trzy zasadnicze obszary. Pozwalaj\u0105 one uporz\u0105dkowa\u0107 w\u0105tki pojawiaj\u0105ce si\u0119 we wcze\u015bniejszych om\u00f3wieniach, a tak\u017ce uzupe\u0142ni\u0107 analiz\u0119 o nowe tre\u015bci. Pierwszym obszarem jest zestaw poj\u0119\u0107, wok\u00f3\u0142 kt\u00f3rych sztuk\u0119 t\u0119 si\u0119 interpretuje. Drugim s\u0105 uwa\u017cnie tropione wp\u0142ywy i inspiracje \u2013 malarstwem dawnym i wsp\u00f3\u0142czesnym; trzecim \u2013 motywy pojawiaj\u0105ce si\u0119 w dzie\u0142ach artysty\u201d \u2013 pisze Maria Szcze\u015bniak. Publikacja przedstawia prace malarskie o r\u00f3\u017cnorodnym spektrum tematycznym oraz formalnym, powsta\u0142e w ci\u0105gu ostatnich czterech-pi\u0119ciu lat.<\/p>\n\n\n\n<p class=\"has-extra-small-font-size\">j\u0119zyk publikacji: polski, angielski<br>projekt graficzny: Antonina Janus-Szybist<br>liczba stron: 218<br>ISBN: 978-83-66564-90-9<br>rok wydania: 2023<\/p>\n\n\n\n<p><a href=\"https:\/\/wydawnictwo.asp.krakow.pl\/wp-content\/uploads\/2023\/03\/Wzrasta%C4%87%20i%20butwie%C4%87_metamorfozy%20figury_Grzegorz%20Wn%C4%99k.pdf\">PDF DO POBRANIA<\/a><\/p>\n\n\n\n<p><\/p>\n\n\n\n<figure class=\"wp-block-image size-full is-style-twentytwentyone-image-frame\"><a href=\"https:\/\/wydawnictwo.asp.krakow.pl\/wp-content\/uploads\/2023\/03\/Publikacja%20GJK%20-%20BG%20ASP.pdf\"><img loading=\"lazy\" decoding=\"async\" width=\"720\" height=\"995\" src=\"https:\/\/wydawnictwo.asp.krakow.pl\/wp-content\/uploads\/2023\/03\/pietnastoletcie_galeri_jednej_ksiazki.jpg\" alt=\"\" class=\"wp-image-156\"\/><\/a><\/figure>\n\n\n\n<p><em><strong>Ksi\u0105\u017cka i \u015bwiat sztuki<\/strong><\/em><br><strong>Dzia\u0142alno\u015b\u0107 Galerii Jednej Ksi\u0105\u017cki Biblioteki G\u0142\u00f3wnej ASP w Krakowie w latach 2005\u20132020<\/strong><\/p>\n\n\n\n<p>Ksi\u0105\u017cka dokumentuje 15-letni\u0105 dzia\u0142alno\u015b\u0107 Galerii Jednej Ksi\u0105\u017cki, funkcjonuj\u0105cej w Bibliotece G\u0142\u00f3wnej Akademii Sztuk Pi\u0119knych im. Jana Matejki w Krakowie. Przypomina w skr\u00f3cie wszystkie 72 wystawy zorganizowane w latach 2005-2020 oraz przedstawia najwa\u017cniejsze informacje o miejscu i programie Galerii, a tak\u017ce o darach przekazanych przez artyst\u00f3w po wystawach do zbior\u00f3w Biblioteki G\u0142\u00f3wnej.&nbsp;<\/p>\n\n\n\n<p>Podstawowym celem Galerii Jednej Ksi\u0105\u017cki jest promowanie szeroko poj\u0119tej idei i sztuki ksi\u0105\u017cki. Wystawy odbywaj\u0105 si\u0119 w zabytkowej czytelni budynku ASP przy ul. Smole\u0144sk 9, wzniesionego na pocz\u0105tku XX wieku dla Muzeum Techniczno-Przemys\u0142owego w Krakowie, za\u0142o\u017conego przez doktora Adriana Baranieckiego.<\/p>\n\n\n\n<p>Kameralna formu\u0142a Galerii, skupiaj\u0105cej si\u0119 na jednym dziele lub zagadnieniu zwi\u0105zanym z ksi\u0105\u017ck\u0105 nie ogranicza tematyki pokaz\u00f3w, wr\u0119cz przeciwnie \u2013 sprzyja refleksji nad bogactwem relacji pomi\u0119dzy ksi\u0105\u017ck\u0105 i sztuk\u0105, budz\u0105c coraz wi\u0119ksze zainteresowanie zar\u00f3wno w\u015br\u00f3d wystawiaj\u0105cych tutaj pedagog\u00f3w i student\u00f3w krakowskiej Akademii, jak i w szerszym \u015brodowisku artystycznym miasta.<\/p>\n\n\n\n<p class=\"has-extra-small-font-size\">Koncepcja, opracowanie i redakcja: Jadwiga Wielgut-Walczak<br>Wsp\u00f3\u0142praca: S\u0142awomir Sobczyk<br>Projekt graficzny i sk\u0142ad: Ewa Jakubowska<br>ISBN 978-83-66564-72-5<\/p>\n\n\n\n<p class=\"has-large-font-size\"><a href=\"https:\/\/wydawnictwo.asp.krakow.pl\/wp-content\/uploads\/2023\/03\/Publikacja%20GJK%20-%20BG%20ASP.pdf\">PDF DO POBRANIA<\/a><\/p>\n\n\n\n<p><em><strong>Rok Kobiet z ASP<\/strong><\/em><\/p>\n\n\n\n<figure class=\"wp-block-image size-full\"><a href=\"https:\/\/wydawnictwo.asp.krakow.pl\/wp-content\/uploads\/2024\/04\/RokKobietASP_rozkladowki_TO_15.11.2021.pdf\"><img loading=\"lazy\" decoding=\"async\" width=\"709\" height=\"999\" src=\"https:\/\/wydawnictwo.asp.krakow.pl\/wp-content\/uploads\/2024\/04\/rokkobiet2.jpg\" alt=\"\" class=\"wp-image-205\" srcset=\"https:\/\/wydawnictwo.asp.krakow.pl\/wp-content\/uploads\/2024\/04\/rokkobiet2.jpg 709w, https:\/\/wydawnictwo.asp.krakow.pl\/wp-content\/uploads\/2024\/04\/rokkobiet2-213x300.jpg 213w\" sizes=\"auto, (max-width: 709px) 100vw, 709px\" \/><\/a><\/figure>\n\n\n\n<p>W roku 2018 Akademia Sztuk Pi\u0119knych im. Jana Matejki w Krakowie obchodzi\u0142a dwusetn\u0105 rocznic\u0119 swojego istnienia. Jubileusz ten zbieg\u0142 si\u0119 ze stuleciem oficjalnego udost\u0119pnienia mo\u017cliwo\u015bci podj\u0119cia studi\u00f3w artystycznych na tej uczelni przez kobiety. 20 listopada 2018 Senat Akademii ustanowi\u0142 rok 2019 Rokiem Kobiet ASP. Z tej okazji w 2019 roku zosta\u0142y zorganizowane liczne wydarzenie: wyk\u0142ady, wystawy i warsztaty. Niniejsza&nbsp;publikacja stanowi podsumowanie obchod\u00f3w Roku Kobiet w ASP.<\/p>\n\n\n\n<p class=\"has-extra-small-font-size\">j\u0119zyk publikacji: polski<br>redakcja: Iwona Demko, Agnieszka Marecka<br>projekt graficzny: Damian Nowak<br>liczba stron: 354<br>ISBN: 978-83-66564-21-3<br>rok wydania: 2021<\/p>\n\n\n\n<p><a href=\"https:\/\/wydawnictwo.asp.krakow.pl\/wp-content\/uploads\/2024\/04\/RokKobietASP_rozkladowki_TO_15.11.2021.pdf\">PDF DO POBRANIA<\/a><br><\/p>\n","protected":false},"excerpt":{"rendered":"<p>Common Space8. Mi\u0119dzynarodowe Biennale Architektury Wn\u0119trz. ASP w Krakowie Dwuj\u0119zyczna monografia stanowi podsumowanie 8. Mi\u0119dzynarodowego Biennale Architektury Wn\u0119trz w Krakowie zorganizowanego w 2024 r. przez Wydzia\u0142 Architektury Wn\u0119trz ASP w Krakowie, kt\u00f3rego has\u0142em przewodnim by\u0142o Common Space. Publikacja zawiera obszern\u0105 dokumentacj\u0119 tekstow\u0105 i fotograficzn\u0105 wszystkich wydarze\u0144 zrealizowanych w ramach 8.MBAW, w tym opisy konkurs\u00f3w: Common&hellip; <a class=\"more-link\" href=\"https:\/\/wydawnictwo.asp.krakow.pl\/index.php\/do-pobrania\/\">Czytaj dalej <span class=\"screen-reader-text\">Publikacje do pobrania<\/span><\/a><\/p>\n","protected":false},"author":1,"featured_media":0,"parent":0,"menu_order":0,"comment_status":"closed","ping_status":"closed","template":"","meta":{"footnotes":""},"class_list":["post-195","page","type-page","status-publish","hentry","entry"],"_links":{"self":[{"href":"https:\/\/wydawnictwo.asp.krakow.pl\/index.php\/wp-json\/wp\/v2\/pages\/195","targetHints":{"allow":["GET"]}}],"collection":[{"href":"https:\/\/wydawnictwo.asp.krakow.pl\/index.php\/wp-json\/wp\/v2\/pages"}],"about":[{"href":"https:\/\/wydawnictwo.asp.krakow.pl\/index.php\/wp-json\/wp\/v2\/types\/page"}],"author":[{"embeddable":true,"href":"https:\/\/wydawnictwo.asp.krakow.pl\/index.php\/wp-json\/wp\/v2\/users\/1"}],"replies":[{"embeddable":true,"href":"https:\/\/wydawnictwo.asp.krakow.pl\/index.php\/wp-json\/wp\/v2\/comments?post=195"}],"version-history":[{"count":29,"href":"https:\/\/wydawnictwo.asp.krakow.pl\/index.php\/wp-json\/wp\/v2\/pages\/195\/revisions"}],"predecessor-version":[{"id":394,"href":"https:\/\/wydawnictwo.asp.krakow.pl\/index.php\/wp-json\/wp\/v2\/pages\/195\/revisions\/394"}],"wp:attachment":[{"href":"https:\/\/wydawnictwo.asp.krakow.pl\/index.php\/wp-json\/wp\/v2\/media?parent=195"}],"curies":[{"name":"wp","href":"https:\/\/api.w.org\/{rel}","templated":true}]}}